{"version":"1.0","type":"rich","provider_name":"ONDJANGO","provider_url":"http:\/\/www.ondjango.net","title":"<!-- Publica\u00e7\u00f5es-->","url":"http:\/\/www.ondjango.net\/publicacoes\/","author_name":"Alexandre do Nascimento","author_url":"http:\/\/www.ondjango.net\/author\/alex-nasc\/","html":"<br \/>\r\n#img2 {<br \/>\r\n    padding: 5px 0px 5px 0px;<br \/>\r\n}<br \/>\r\n<br \/>\r\n<br \/>\r\n<br \/>\r\nTextos do ONDJANGO e outros textos<br \/>\r\n<br><br \/>\r\n<br \/>\r\n<br \/>\r\nUbuntu, o comum e as a\u00e7\u00f5es afirmativas<br\/>Texto publicado na Revista Lugar Comum No 41, 2014<br \/>\r\n<br \/>\r\n<br><br \/>\r\n<br \/>\r\n<br \/>\r\nA\u00e7\u00f5es afirmativas e jornadas de junho: tudo a ver!<br\/>Texto publicado no livro Amanh\u00e3 vai ser maior: O levante da Multid\u00e3o no ano que n\u00e3o terminou, Editora Annablume, 2014.<br \/>\r\n<br \/>\r\n<br><br \/>\r\n<br \/>\r\n<br \/>\r\nPercep\u00e7\u00f5es da educa\u00e7\u00e3o das rela\u00e7\u00f5es \u00e9tnico-raciais a partir da Lei Federal 10.639\/2003<br\/>Texto publicado no Livro Diversidade \u00c9tnico-Racial e Educa\u00e7\u00e3o Brasileira, Ed. [...]"}